{"id":600,"date":"2017-02-02T12:27:56","date_gmt":"2017-02-02T12:27:56","guid":{"rendered":"http:\/\/test.kriesi.at\/enfold-2017\/?page_id=600"},"modified":"2026-03-19T16:02:23","modified_gmt":"2026-03-19T15:02:23","slug":"blog","status":"publish","type":"page","link":"https:\/\/mtp.global\/es\/blog\/","title":{"rendered":"Blog"},"content":{"rendered":"<div id='layer_slider_1'  class='avia-layerslider main_color avia-shadow  avia-builder-el-0  el_before_av_section  avia-builder-el-first  container_wrap fullsize'  style='height: 701px; max-width: 1410px; margin: 0 auto;'  ><\/div>\n\n<style type=\"text\/css\" data-created_by=\"avia_inline_auto\" id=\"style-css-av-139qr4-288494ab31967e1946a660aa0c43723e\">\n.avia-section.av-139qr4-288494ab31967e1946a660aa0c43723e{\nbackground-repeat:no-repeat;\nbackground-image:url(https:\/\/mtp.global\/es\/wp-content\/uploads\/2017\/02\/banner-news-alt.jpg);\nbackground-position:50% 0%;\nbackground-attachment:scroll;\n}\n.avia-section.av-139qr4-288494ab31967e1946a660aa0c43723e .av-section-color-overlay{\nopacity:0.6;\nbackground-color:#000000;\n}\n<\/style>\n<div id='av_section_1'  class='avia-section av-139qr4-288494ab31967e1946a660aa0c43723e main_color avia-section-huge avia-no-shadow  avia-builder-el-1  el_after_av_layerslider  el_before_av_blog  av-desktop-hide av-medium-hide av-small-hide av-mini-hide avia-full-stretch avia-bg-style-scroll av-section-color-overlay-active container_wrap fullsize'  data-section-bg-repeat='stretch'><div class=\"av-section-color-overlay-wrap\"><div class=\"av-section-color-overlay\"><\/div><div class='container av-section-cont-open' ><div class='template-page content  av-content-full alpha units'><div class='post-entry post-entry-type-page post-entry-600'><div class='entry-content-wrapper clearfix'>\n\n<style type=\"text\/css\" data-created_by=\"avia_inline_auto\" id=\"style-css-av-xfxig-6db84ef062c62ee708b8e26d8b614ab0\">\n#top .av-special-heading.av-xfxig-6db84ef062c62ee708b8e26d8b614ab0{\npadding-bottom:0;\ncolor:#ffffff;\nfont-size:40px;\n}\nbody .av-special-heading.av-xfxig-6db84ef062c62ee708b8e26d8b614ab0 .av-special-heading-tag .heading-char{\nfont-size:25px;\n}\n#top #wrap_all .av-special-heading.av-xfxig-6db84ef062c62ee708b8e26d8b614ab0 .av-special-heading-tag{\nfont-size:40px;\n}\n.av-special-heading.av-xfxig-6db84ef062c62ee708b8e26d8b614ab0 .special-heading-inner-border{\nborder-color:#ffffff;\n}\n.av-special-heading.av-xfxig-6db84ef062c62ee708b8e26d8b614ab0 .av-subheading{\nfont-size:15px;\n}\n\n@media only screen and (min-width: 480px) and (max-width: 767px){ \n#top #wrap_all .av-special-heading.av-xfxig-6db84ef062c62ee708b8e26d8b614ab0 .av-special-heading-tag{\nfont-size:0.8em;\n}\n}\n\n@media only screen and (max-width: 479px){ \n#top #wrap_all .av-special-heading.av-xfxig-6db84ef062c62ee708b8e26d8b614ab0 .av-special-heading-tag{\nfont-size:0.8em;\n}\n}\n<\/style>\n<div  class='av-special-heading av-xfxig-6db84ef062c62ee708b8e26d8b614ab0 av-special-heading-h1 custom-color-heading blockquote modern-quote modern-centered  avia-builder-el-2  el_before_av_hr  avia-builder-el-first  av-inherit-size'><h1 class='av-special-heading-tag '  itemprop=\"headline\"  >Latest News<br \/>Everything thats going on at Enfold is collected here<\/h1><div class=\"special-heading-border\"><div class=\"special-heading-inner-border\"><\/div><\/div><\/div>\n\n<style type=\"text\/css\" data-created_by=\"avia_inline_auto\" id=\"style-css-av-rb9u8-a6d8bfa7dfc879cdc6a8ce3dba19e13f\">\n#top .hr.av-rb9u8-a6d8bfa7dfc879cdc6a8ce3dba19e13f{\nmargin-top:30px;\nmargin-bottom:30px;\n}\n.hr.av-rb9u8-a6d8bfa7dfc879cdc6a8ce3dba19e13f .hr-inner{\nwidth:50px;\nborder-color:#ffffff;\n}\n<\/style>\n<div  class='hr av-rb9u8-a6d8bfa7dfc879cdc6a8ce3dba19e13f hr-custom  avia-builder-el-3  el_after_av_heading  el_before_av_textblock  hr-center hr-icon-no'><span class='hr-inner inner-border-av-border-fat'><span class=\"hr-inner-style\"><\/span><\/span><\/div>\n\n<style type=\"text\/css\" data-created_by=\"avia_inline_auto\" id=\"style-css-av-inuf4-bbc762cccb29178f84945b84b21e11c2\">\n#top .av_textblock_section.av-inuf4-bbc762cccb29178f84945b84b21e11c2 .avia_textblock{\ncolor:#dddddd;\n}\n<\/style>\n<section  class='av_textblock_section av-inuf4-bbc762cccb29178f84945b84b21e11c2 '   itemscope=\"itemscope\" itemtype=\"https:\/\/schema.org\/CreativeWork\" ><div class='avia_textblock av_inherit_color'  itemprop=\"text\" ><p style=\"text-align: center;\">Hey there! We are Enfold and we make really beautiful and amazing stuff.<br \/>\nThis can be used to describe what you do, how you do it, &#038; who you do it for.<\/p>\n<\/div><\/section>\n<\/div><\/div><\/div><!-- close content main div --><\/div><\/div><\/div><div id='after_section_1'  class='main_color av_default_container_wrap container_wrap fullsize'  ><div class='container av-section-cont-open' ><div class='template-page content  av-content-full alpha units'><div class='post-entry post-entry-type-page post-entry-600'><div class='entry-content-wrapper clearfix'>\n<div  class='av-alb-blogposts template-blog  av-blog-meta-tag-disabled '  itemscope=\"itemscope\" itemtype=\"https:\/\/schema.org\/Blog\" ><article class=\"post-entry post-entry-type-standard post-entry-44562 post-loop-1 post-parity-odd post-entry-last single-big with-slider post-44562 post type-post status-publish format-standard has-post-thumbnail hentry category-consultoria-de-transformacion-digital\"  itemscope=\"itemscope\" itemtype=\"https:\/\/schema.org\/BlogPosting\" ><div class=\"blog-meta\"><\/div><div class='entry-content-wrapper clearfix standard-content'><header class=\"entry-content-header\"><div class=\"av-heading-wrapper\"><h2 class='post-title entry-title '  itemprop=\"headline\" ><a href=\"https:\/\/mtp.global\/es\/blog\/consultoria-de-transformacion-digital\/errores-comunes-en-la-transformacion-digital-de-las-pymes-y-como-evitarlos\/\" rel=\"bookmark\" title=\"Enlace permanente: Errores comunes en la transformaci\u00f3n digital de las PYMES y c\u00f3mo evitarlos\">Errores comunes en la transformaci\u00f3n digital de las PYMES y c\u00f3mo evitarlos<span class=\"post-format-icon minor-meta\"><\/span><\/a><\/h2><span class=\"blog-categories minor-meta\"><a href=\"https:\/\/mtp.global\/es\/blog\/consultoria-de-transformacion-digital\/\" rel=\"tag\">Consultor\u00eda de transformaci\u00f3n digital<\/a><\/span><\/div><\/header><span class=\"av-vertical-delimiter\"><\/span><div class=\"big-preview single-big\"  itemprop=\"image\" itemscope=\"itemscope\" itemtype=\"https:\/\/schema.org\/ImageObject\" ><a href=\"https:\/\/mtp.global\/es\/blog\/consultoria-de-transformacion-digital\/errores-comunes-en-la-transformacion-digital-de-las-pymes-y-como-evitarlos\/\"  title=\"transformacio\u0301n digital de las PYMES\" ><img decoding=\"async\" loading=\"lazy\" width=\"1210\" height=\"423\" src=\"https:\/\/mtp.global\/es\/wp-content\/uploads\/2026\/08\/transformacion-digital-de-las-PYMES-1210x423.jpg\" class=\"wp-image-44563 avia-img-lazy-loading-44563 attachment-entry_without_sidebar size-entry_without_sidebar wp-post-image\" alt=\"transformacio\u0301n digital de las PYMES\" \/><\/a><\/div><div class=\"entry-content\"  itemprop=\"text\" ><p>La transformaci\u00f3n digital es una gran oportunidad para las PYMES. Permite mejorar procesos, reducir costes, automatizar tareas, vender m\u00e1s y tomar mejores decisiones. Sin embargo, muchos proyectos no consiguen los resultados esperados. El motivo no suele ser la tecnolog\u00eda. En la mayor\u00eda de los casos, los problemas aparecen por falta de estrategia, prioridades poco claras, [&hellip;]<\/p>\n<div class=\"read-more-link\"><a href=\"https:\/\/mtp.global\/es\/blog\/consultoria-de-transformacion-digital\/errores-comunes-en-la-transformacion-digital-de-las-pymes-y-como-evitarlos\/\" class=\"more-link\">Leer m\u00e1s<span class=\"more-link-arrow\"><\/span><\/a><\/div>\n<\/div><span class=\"post-meta-infos\"><time class=\"date-container minor-meta updated\"  itemprop=\"datePublished\" datetime=\"2026-08-31T14:56:02+02:00\" >31 de agosto de 2026<\/time><span class=\"text-sep\">\/<\/span><span class=\"blog-author minor-meta\">por <span class=\"entry-author-link\"  itemprop=\"author\" ><span class=\"author\"><span class=\"fn\"><a href=\"https:\/\/mtp.global\/es\/blog\/author\/marketing\/\" title=\"Entradas de MTP\" rel=\"author\">MTP<\/a><\/span><\/span><\/span><\/span><\/span><footer class=\"entry-footer\"><\/footer><div class='post_delimiter'><\/div><\/div><div class=\"post_author_timeline\"><\/div><span class='hidden'>\r\n\t\t\t\t<span class='av-structured-data'  itemprop=\"image\" itemscope=\"itemscope\" itemtype=\"https:\/\/schema.org\/ImageObject\" >\r\n\t\t\t\t\t\t<span itemprop='url'>https:\/\/mtp.global\/es\/wp-content\/uploads\/2026\/08\/transformacion-digital-de-las-PYMES-scaled.jpg<\/span>\r\n\t\t\t\t\t\t<span itemprop='height'>1536<\/span>\r\n\t\t\t\t\t\t<span itemprop='width'>2560<\/span>\r\n\t\t\t\t<\/span>\r\n\t\t\t\t<span class='av-structured-data'  itemprop=\"publisher\" itemtype=\"https:\/\/schema.org\/Organization\" itemscope=\"itemscope\" >\r\n\t\t\t\t\t\t<span itemprop='name'>MTP<\/span>\r\n\t\t\t\t\t\t<span itemprop='logo' itemscope itemtype='https:\/\/schema.org\/ImageObject'>\r\n\t\t\t\t\t\t\t<span itemprop='url'>https:\/\/mtp.global\/es\/wp-content\/uploads\/2023\/06\/Logo_MTP_blanco.svg<\/span>\r\n\t\t\t\t\t\t<\/span>\r\n\t\t\t\t<\/span><span class='av-structured-data'  itemprop=\"author\" itemscope=\"itemscope\" itemtype=\"https:\/\/schema.org\/Person\" ><span itemprop='name'>MTP<\/span><\/span><span class='av-structured-data'  itemprop=\"datePublished\" datetime=\"2026-08-31T14:56:02+02:00\" >2026-08-31 14:56:02<\/span><span class='av-structured-data'  itemprop=\"dateModified\" itemtype=\"https:\/\/schema.org\/dateModified\" >2026-08-31 14:56:03<\/span><span class='av-structured-data'  itemprop=\"mainEntityOfPage\" itemtype=\"https:\/\/schema.org\/mainEntityOfPage\" ><span itemprop='name'>Errores comunes en la transformaci\u00f3n digital de las PYMES y c\u00f3mo evitarlos<\/span><\/span><\/span><\/article><\/div>\n<div  data-slideshow-options=\"{&quot;animation&quot;:&quot;fade&quot;,&quot;autoplay&quot;:false,&quot;loop_autoplay&quot;:&quot;once&quot;,&quot;interval&quot;:5,&quot;loop_manual&quot;:&quot;manual-endless&quot;,&quot;autoplay_stopper&quot;:false,&quot;noNavigation&quot;:false,&quot;show_slide_delay&quot;:90}\" class='avia-content-slider avia-content-grid-active avia-content-slider1 avia-content-slider-even  av-slideshow-ui av-control-default   av-no-slider-navigation av-slideshow-manual av-loop-once av-loop-manual-endless  av-small-hide av-mini-hide'  itemscope=\"itemscope\" itemtype=\"https:\/\/schema.org\/Blog\" ><div class=\"avia-content-slider-inner\"><div class=\"slide-entry-wrap\"><article class='slide-entry flex_column  post-entry post-entry-44554 slide-entry-overview slide-loop-1 slide-parity-odd  av_one_half first real-thumbnail posttype-post post-format-standard'  itemscope=\"itemscope\" itemtype=\"https:\/\/schema.org\/BlogPosting\" itemprop=\"blogPost\" ><a href='https:\/\/mtp.global\/es\/blog\/seguridad-informatica\/que-es-la-ciberseguridad-guia-completa-para-proteger-empresas-y-datos\/' data-rel='slide-1' class='slide-image' title='Qu\u00e9 es la ciberseguridad: gu\u00eda completa para proteger empresas y datos'><img decoding=\"async\" fetchpriority=\"high\" width=\"495\" height=\"400\" src=\"https:\/\/mtp.global\/es\/wp-content\/uploads\/2026\/08\/que-es-la-ciberseguridad-495x400.jpg\" class=\"wp-image-44555 avia-img-lazy-loading-not-44555 attachment-portfolio size-portfolio wp-post-image\" alt=\"que es la ciberseguridad\" srcset=\"https:\/\/mtp.global\/es\/wp-content\/uploads\/2026\/08\/que-es-la-ciberseguridad-495x400.jpg 495w, https:\/\/mtp.global\/es\/wp-content\/uploads\/2026\/08\/que-es-la-ciberseguridad-845x684.jpg 845w\" sizes=\"(max-width: 495px) 100vw, 495px\" \/><\/a><div class=\"slide-content\"><header class=\"entry-content-header\"><h3 class='slide-entry-title entry-title '  itemprop=\"headline\" ><a href='https:\/\/mtp.global\/es\/blog\/seguridad-informatica\/que-es-la-ciberseguridad-guia-completa-para-proteger-empresas-y-datos\/' title='Qu\u00e9 es la ciberseguridad: gu\u00eda completa para proteger empresas y datos'>Qu\u00e9 es la ciberseguridad: gu\u00eda completa para proteger empresas y datos<\/a><\/h3><span class=\"blog-categories minor-meta\"><a href=\"https:\/\/mtp.global\/es\/blog\/seguridad-informatica\/\" rel=\"tag\">Ciberseguridad<\/a> <\/span><span class=\"av-vertical-delimiter\"><\/span><\/header><div class='slide-entry-excerpt entry-content'  itemprop=\"text\" >\nLa ciberseguridad es el conjunto de estrategias, procesos, tecnolog\u00edas y buenas pr\u00e1cticas destinadas a proteger sistemas, redes, aplicaciones, dispositivos,\u2026<\/div><\/div><footer class=\"entry-footer\"><div class=\"slide-meta\"><time class='slide-meta-time updated'  itemprop=\"datePublished\" datetime=\"2026-08-28T13:04:00+02:00\" >28 de agosto de 2026<\/time><\/div><\/footer><span class='hidden'>\r\n\t\t\t\t<span class='av-structured-data'  itemprop=\"image\" itemscope=\"itemscope\" itemtype=\"https:\/\/schema.org\/ImageObject\" >\r\n\t\t\t\t\t\t<span itemprop='url'>https:\/\/mtp.global\/es\/wp-content\/uploads\/2026\/08\/que-es-la-ciberseguridad-scaled.jpg<\/span>\r\n\t\t\t\t\t\t<span itemprop='height'>1466<\/span>\r\n\t\t\t\t\t\t<span itemprop='width'>2560<\/span>\r\n\t\t\t\t<\/span>\r\n\t\t\t\t<span class='av-structured-data'  itemprop=\"publisher\" itemtype=\"https:\/\/schema.org\/Organization\" itemscope=\"itemscope\" >\r\n\t\t\t\t\t\t<span itemprop='name'>MTP<\/span>\r\n\t\t\t\t\t\t<span itemprop='logo' itemscope itemtype='https:\/\/schema.org\/ImageObject'>\r\n\t\t\t\t\t\t\t<span itemprop='url'>https:\/\/mtp.global\/es\/wp-content\/uploads\/2023\/06\/Logo_MTP_blanco.svg<\/span>\r\n\t\t\t\t\t\t<\/span>\r\n\t\t\t\t<\/span><span class='av-structured-data'  itemprop=\"author\" itemscope=\"itemscope\" itemtype=\"https:\/\/schema.org\/Person\" ><span itemprop='name'>MTP<\/span><\/span><span class='av-structured-data'  itemprop=\"datePublished\" datetime=\"2026-08-31T14:56:02+02:00\" >2026-08-28 13:04:00<\/span><span class='av-structured-data'  itemprop=\"dateModified\" itemtype=\"https:\/\/schema.org\/dateModified\" >2026-08-30 22:16:29<\/span><span class='av-structured-data'  itemprop=\"mainEntityOfPage\" itemtype=\"https:\/\/schema.org\/mainEntityOfPage\" ><span itemprop='name'>Qu\u00e9 es la ciberseguridad: gu\u00eda completa para proteger empresas y datos<\/span><\/span><\/span><\/article><article class='slide-entry flex_column  post-entry post-entry-44492 slide-entry-overview slide-loop-2 slide-parity-even  av_one_half  real-thumbnail posttype-post post-format-standard'  itemscope=\"itemscope\" itemtype=\"https:\/\/schema.org\/BlogPosting\" itemprop=\"blogPost\" ><a href='https:\/\/mtp.global\/es\/blog\/devops\/sistemas-de-trazabilidad-como-garantizar-control-seguridad-y-cumplimiento-normativo\/' data-rel='slide-1' class='slide-image' title='Sistemas de trazabilidad: c\u00f3mo garantizar control, seguridad y cumplimiento normativo'><img decoding=\"async\" fetchpriority=\"high\" width=\"495\" height=\"400\" src=\"https:\/\/mtp.global\/es\/wp-content\/uploads\/2026\/08\/Sistemas-de-trazabilidad-495x400.jpg\" class=\"wp-image-44493 avia-img-lazy-loading-not-44493 attachment-portfolio size-portfolio wp-post-image\" alt=\"\" srcset=\"https:\/\/mtp.global\/es\/wp-content\/uploads\/2026\/08\/Sistemas-de-trazabilidad-495x400.jpg 495w, https:\/\/mtp.global\/es\/wp-content\/uploads\/2026\/08\/Sistemas-de-trazabilidad-845x684.jpg 845w\" sizes=\"(max-width: 495px) 100vw, 495px\" \/><\/a><div class=\"slide-content\"><header class=\"entry-content-header\"><h3 class='slide-entry-title entry-title '  itemprop=\"headline\" ><a href='https:\/\/mtp.global\/es\/blog\/devops\/sistemas-de-trazabilidad-como-garantizar-control-seguridad-y-cumplimiento-normativo\/' title='Sistemas de trazabilidad: c\u00f3mo garantizar control, seguridad y cumplimiento normativo'>Sistemas de trazabilidad: c\u00f3mo garantizar control, seguridad y cumplimiento normativo<\/a><\/h3><span class=\"blog-categories minor-meta\"><a href=\"https:\/\/mtp.global\/es\/blog\/devops\/\" rel=\"tag\">DevOps<\/a> <\/span><span class=\"av-vertical-delimiter\"><\/span><\/header><div class='slide-entry-excerpt entry-content'  itemprop=\"text\" >\nLos sistemas de trazabilidad se han convertido en una pieza fundamental para las organizaciones que necesitan garantizar control, seguridad, transparencia\u2026<\/div><\/div><footer class=\"entry-footer\"><div class=\"slide-meta\"><time class='slide-meta-time updated'  itemprop=\"datePublished\" datetime=\"2026-08-27T10:34:33+02:00\" >27 de agosto de 2026<\/time><\/div><\/footer><span class='hidden'>\r\n\t\t\t\t<span class='av-structured-data'  itemprop=\"image\" itemscope=\"itemscope\" itemtype=\"https:\/\/schema.org\/ImageObject\" >\r\n\t\t\t\t\t\t<span itemprop='url'>https:\/\/mtp.global\/es\/wp-content\/uploads\/2026\/08\/Sistemas-de-trazabilidad-scaled.jpg<\/span>\r\n\t\t\t\t\t\t<span itemprop='height'>1098<\/span>\r\n\t\t\t\t\t\t<span itemprop='width'>2560<\/span>\r\n\t\t\t\t<\/span>\r\n\t\t\t\t<span class='av-structured-data'  itemprop=\"publisher\" itemtype=\"https:\/\/schema.org\/Organization\" itemscope=\"itemscope\" >\r\n\t\t\t\t\t\t<span itemprop='name'>MTP<\/span>\r\n\t\t\t\t\t\t<span itemprop='logo' itemscope itemtype='https:\/\/schema.org\/ImageObject'>\r\n\t\t\t\t\t\t\t<span itemprop='url'>https:\/\/mtp.global\/es\/wp-content\/uploads\/2023\/06\/Logo_MTP_blanco.svg<\/span>\r\n\t\t\t\t\t\t<\/span>\r\n\t\t\t\t<\/span><span class='av-structured-data'  itemprop=\"author\" itemscope=\"itemscope\" itemtype=\"https:\/\/schema.org\/Person\" ><span itemprop='name'>MTP<\/span><\/span><span class='av-structured-data'  itemprop=\"datePublished\" datetime=\"2026-08-31T14:56:02+02:00\" >2026-08-27 10:34:33<\/span><span class='av-structured-data'  itemprop=\"dateModified\" itemtype=\"https:\/\/schema.org\/dateModified\" >2026-08-30 22:04:10<\/span><span class='av-structured-data'  itemprop=\"mainEntityOfPage\" itemtype=\"https:\/\/schema.org\/mainEntityOfPage\" ><span itemprop='name'>Sistemas de trazabilidad: c\u00f3mo garantizar control, seguridad y cumplimiento normativo<\/span><\/span><\/span><\/article><\/div><div class=\"slide-entry-wrap\"><article class='slide-entry flex_column  post-entry post-entry-44400 slide-entry-overview slide-loop-3 slide-parity-odd  av_one_half first real-thumbnail posttype-post post-format-standard'  itemscope=\"itemscope\" itemtype=\"https:\/\/schema.org\/BlogPosting\" itemprop=\"blogPost\" ><a href='https:\/\/mtp.global\/es\/blog\/ia\/ai-act-y-preparacion-operativa-del-calendario-europeo-a-la-futura-gobernanza-espanola\/' data-rel='slide-1' class='slide-image' title='AI Act y preparaci\u00f3n operativa: del calendario europeo a la futura gobernanza espa\u00f1ola'><img decoding=\"async\" fetchpriority=\"high\" width=\"495\" height=\"400\" src=\"https:\/\/mtp.global\/es\/wp-content\/uploads\/2026\/08\/MTP-Blog-post-AI-Act-495x400.webp\" class=\"wp-image-44388 avia-img-lazy-loading-not-44388 attachment-portfolio size-portfolio wp-post-image\" alt=\"\" srcset=\"https:\/\/mtp.global\/es\/wp-content\/uploads\/2026\/08\/MTP-Blog-post-AI-Act-495x400.webp 495w, https:\/\/mtp.global\/es\/wp-content\/uploads\/2026\/08\/MTP-Blog-post-AI-Act-845x684.webp 845w\" sizes=\"(max-width: 495px) 100vw, 495px\" \/><\/a><div class=\"slide-content\"><header class=\"entry-content-header\"><h3 class='slide-entry-title entry-title '  itemprop=\"headline\" ><a href='https:\/\/mtp.global\/es\/blog\/ia\/ai-act-y-preparacion-operativa-del-calendario-europeo-a-la-futura-gobernanza-espanola\/' title='AI Act y preparaci\u00f3n operativa: del calendario europeo a la futura gobernanza espa\u00f1ola'>AI Act y preparaci\u00f3n operativa: del calendario europeo a la futura gobernanza espa\u00f1ola<\/a><\/h3><span class=\"blog-categories minor-meta\"><a href=\"https:\/\/mtp.global\/es\/blog\/ia\/\" rel=\"tag\">IA<\/a> <\/span><span class=\"av-vertical-delimiter\"><\/span><\/header><div class='slide-entry-excerpt entry-content'  itemprop=\"text\" >La preparaci\u00f3n para el AI Act entra en una etapa de mayor concreci\u00f3n. Durante los \u00faltimos meses han coincidido tres movimientos relevantes: el acuerdo pol\u00edtico europeo sobre el \u00d3mnibus Digital de IA, la publicaci\u00f3n de nuevos instrumentos de apoyo por parte de la Comisi\u00f3n Europea y la presentaci\u00f3n en Espa\u00f1a del Proyecto de Ley Org\u00e1nica para el buen uso y la gobernanza de la inteligencia artificial. Hacemos en este post una lectura actualizada.<\/div><\/div><footer class=\"entry-footer\"><div class=\"slide-meta\"><time class='slide-meta-time updated'  itemprop=\"datePublished\" datetime=\"2026-08-20T09:30:00+02:00\" >20 de agosto de 2026<\/time><\/div><\/footer><span class='hidden'>\r\n\t\t\t\t<span class='av-structured-data'  itemprop=\"image\" itemscope=\"itemscope\" itemtype=\"https:\/\/schema.org\/ImageObject\" >\r\n\t\t\t\t\t\t<span itemprop='url'>https:\/\/mtp.global\/es\/wp-content\/uploads\/2026\/08\/MTP-Blog-post-AI-Act.webp<\/span>\r\n\t\t\t\t\t\t<span itemprop='height'>1080<\/span>\r\n\t\t\t\t\t\t<span itemprop='width'>1920<\/span>\r\n\t\t\t\t<\/span>\r\n\t\t\t\t<span class='av-structured-data'  itemprop=\"publisher\" itemtype=\"https:\/\/schema.org\/Organization\" itemscope=\"itemscope\" >\r\n\t\t\t\t\t\t<span itemprop='name'>Jes\u00fas Heredero<\/span>\r\n\t\t\t\t\t\t<span itemprop='logo' itemscope itemtype='https:\/\/schema.org\/ImageObject'>\r\n\t\t\t\t\t\t\t<span itemprop='url'>https:\/\/mtp.global\/es\/wp-content\/uploads\/2023\/06\/Logo_MTP_blanco.svg<\/span>\r\n\t\t\t\t\t\t<\/span>\r\n\t\t\t\t<\/span><span class='av-structured-data'  itemprop=\"author\" itemscope=\"itemscope\" itemtype=\"https:\/\/schema.org\/Person\" ><span itemprop='name'>Jes\u00fas Heredero<\/span><\/span><span class='av-structured-data'  itemprop=\"datePublished\" datetime=\"2026-08-31T14:56:02+02:00\" >2026-08-20 09:30:00<\/span><span class='av-structured-data'  itemprop=\"dateModified\" itemtype=\"https:\/\/schema.org\/dateModified\" >2026-08-06 09:56:15<\/span><span class='av-structured-data'  itemprop=\"mainEntityOfPage\" itemtype=\"https:\/\/schema.org\/mainEntityOfPage\" ><span itemprop='name'>AI Act y preparaci\u00f3n operativa: del calendario europeo a la futura gobernanza espa\u00f1ola<\/span><\/span><\/span><\/article><article class='slide-entry flex_column  post-entry post-entry-44478 slide-entry-overview slide-loop-4 slide-parity-even  av_one_half  real-thumbnail posttype-post post-format-standard'  itemscope=\"itemscope\" itemtype=\"https:\/\/schema.org\/BlogPosting\" itemprop=\"blogPost\" ><a href='https:\/\/mtp.global\/es\/blog\/consultoria-de-transformacion-digital\/que-es-un-projects-lifecycle-y-para-que-sirve\/' data-rel='slide-1' class='slide-image' title='\u00bfQu\u00e9 es un Projects Lifecycle y para qu\u00e9 sirve?'><img decoding=\"async\" fetchpriority=\"high\" width=\"495\" height=\"400\" src=\"https:\/\/mtp.global\/es\/wp-content\/uploads\/2026\/08\/Que-es-Projects-Lifecycle-495x400.jpg\" class=\"wp-image-44479 avia-img-lazy-loading-not-44479 attachment-portfolio size-portfolio wp-post-image\" alt=\"Que es Projects Lifecycle.\" srcset=\"https:\/\/mtp.global\/es\/wp-content\/uploads\/2026\/08\/Que-es-Projects-Lifecycle-495x400.jpg 495w, https:\/\/mtp.global\/es\/wp-content\/uploads\/2026\/08\/Que-es-Projects-Lifecycle-845x684.jpg 845w\" sizes=\"(max-width: 495px) 100vw, 495px\" \/><\/a><div class=\"slide-content\"><header class=\"entry-content-header\"><h3 class='slide-entry-title entry-title '  itemprop=\"headline\" ><a href='https:\/\/mtp.global\/es\/blog\/consultoria-de-transformacion-digital\/que-es-un-projects-lifecycle-y-para-que-sirve\/' title='\u00bfQu\u00e9 es un Projects Lifecycle y para qu\u00e9 sirve?'>\u00bfQu\u00e9 es un Projects Lifecycle y para qu\u00e9 sirve?<\/a><\/h3><span class=\"blog-categories minor-meta\"><a href=\"https:\/\/mtp.global\/es\/blog\/consultoria-de-transformacion-digital\/\" rel=\"tag\">Consultor\u00eda de transformaci\u00f3n digital<\/a> <\/span><span class=\"av-vertical-delimiter\"><\/span><\/header><div class='slide-entry-excerpt entry-content'  itemprop=\"text\" >\nUn Project Lifecycle es un marco que define las etapas de un proyecto desde su inicio hasta su cierre. En entornos digitales, aporta estructura y visibilidad,\u2026<\/div><\/div><footer class=\"entry-footer\"><div class=\"slide-meta\"><time class='slide-meta-time updated'  itemprop=\"datePublished\" datetime=\"2026-08-19T09:59:42+02:00\" >19 de agosto de 2026<\/time><\/div><\/footer><span class='hidden'>\r\n\t\t\t\t<span class='av-structured-data'  itemprop=\"image\" itemscope=\"itemscope\" itemtype=\"https:\/\/schema.org\/ImageObject\" >\r\n\t\t\t\t\t\t<span itemprop='url'>https:\/\/mtp.global\/es\/wp-content\/uploads\/2026\/08\/Que-es-Projects-Lifecycle-scaled.jpg<\/span>\r\n\t\t\t\t\t\t<span itemprop='height'>1707<\/span>\r\n\t\t\t\t\t\t<span itemprop='width'>2560<\/span>\r\n\t\t\t\t<\/span>\r\n\t\t\t\t<span class='av-structured-data'  itemprop=\"publisher\" itemtype=\"https:\/\/schema.org\/Organization\" itemscope=\"itemscope\" >\r\n\t\t\t\t\t\t<span itemprop='name'>MTP<\/span>\r\n\t\t\t\t\t\t<span itemprop='logo' itemscope itemtype='https:\/\/schema.org\/ImageObject'>\r\n\t\t\t\t\t\t\t<span itemprop='url'>https:\/\/mtp.global\/es\/wp-content\/uploads\/2023\/06\/Logo_MTP_blanco.svg<\/span>\r\n\t\t\t\t\t\t<\/span>\r\n\t\t\t\t<\/span><span class='av-structured-data'  itemprop=\"author\" itemscope=\"itemscope\" itemtype=\"https:\/\/schema.org\/Person\" ><span itemprop='name'>MTP<\/span><\/span><span class='av-structured-data'  itemprop=\"datePublished\" datetime=\"2026-08-31T14:56:02+02:00\" >2026-08-19 09:59:42<\/span><span class='av-structured-data'  itemprop=\"dateModified\" itemtype=\"https:\/\/schema.org\/dateModified\" >2026-08-20 10:01:26<\/span><span class='av-structured-data'  itemprop=\"mainEntityOfPage\" itemtype=\"https:\/\/schema.org\/mainEntityOfPage\" ><span itemprop='name'>\u00bfQu\u00e9 es un Projects Lifecycle y para qu\u00e9 sirve?<\/span><\/span><\/span><\/article><\/div><div class=\"slide-entry-wrap\"><article class='slide-entry flex_column  post-entry post-entry-44394 slide-entry-overview slide-loop-5 slide-parity-odd  av_one_half first real-thumbnail posttype-post post-format-standard'  itemscope=\"itemscope\" itemtype=\"https:\/\/schema.org\/BlogPosting\" itemprop=\"blogPost\" ><a href='https:\/\/mtp.global\/es\/blog\/ia\/valor-kpis-y-roi-del-gobierno-de-la-ia-medir-para-decidir\/' data-rel='slide-1' class='slide-image' title='Valor, KPIs y ROI del gobierno de la IA: medir para decidir'><img decoding=\"async\" fetchpriority=\"high\" width=\"495\" height=\"400\" src=\"https:\/\/mtp.global\/es\/wp-content\/uploads\/2026\/08\/MTP-Blog-post-Gobierno-IA-2-495x400.webp\" class=\"wp-image-44389 avia-img-lazy-loading-not-44389 attachment-portfolio size-portfolio wp-post-image\" alt=\"\" srcset=\"https:\/\/mtp.global\/es\/wp-content\/uploads\/2026\/08\/MTP-Blog-post-Gobierno-IA-2-495x400.webp 495w, https:\/\/mtp.global\/es\/wp-content\/uploads\/2026\/08\/MTP-Blog-post-Gobierno-IA-2-845x684.webp 845w\" sizes=\"(max-width: 495px) 100vw, 495px\" \/><\/a><div class=\"slide-content\"><header class=\"entry-content-header\"><h3 class='slide-entry-title entry-title '  itemprop=\"headline\" ><a href='https:\/\/mtp.global\/es\/blog\/ia\/valor-kpis-y-roi-del-gobierno-de-la-ia-medir-para-decidir\/' title='Valor, KPIs y ROI del gobierno de la IA: medir para decidir'>Valor, KPIs y ROI del gobierno de la IA: medir para decidir<\/a><\/h3><span class=\"blog-categories minor-meta\"><a href=\"https:\/\/mtp.global\/es\/blog\/ia\/\" rel=\"tag\">IA<\/a> <\/span><span class=\"av-vertical-delimiter\"><\/span><\/header><div class='slide-entry-excerpt entry-content'  itemprop=\"text\" >Medir el ROI del gobierno de IA exige combinar resultados econ\u00f3micos, calidad, riesgo y capacidad de escalado. Cuando esta relaci\u00f3n se hace visible, el gobierno deja de percibirse como una capa administrativa y se convierte en una infraestructura de decisi\u00f3n.<\/div><\/div><footer class=\"entry-footer\"><div class=\"slide-meta\"><time class='slide-meta-time updated'  itemprop=\"datePublished\" datetime=\"2026-08-13T09:30:00+02:00\" >13 de agosto de 2026<\/time><\/div><\/footer><span class='hidden'>\r\n\t\t\t\t<span class='av-structured-data'  itemprop=\"image\" itemscope=\"itemscope\" itemtype=\"https:\/\/schema.org\/ImageObject\" >\r\n\t\t\t\t\t\t<span itemprop='url'>https:\/\/mtp.global\/es\/wp-content\/uploads\/2026\/08\/MTP-Blog-post-Gobierno-IA-2.webp<\/span>\r\n\t\t\t\t\t\t<span itemprop='height'>1080<\/span>\r\n\t\t\t\t\t\t<span itemprop='width'>1920<\/span>\r\n\t\t\t\t<\/span>\r\n\t\t\t\t<span class='av-structured-data'  itemprop=\"publisher\" itemtype=\"https:\/\/schema.org\/Organization\" itemscope=\"itemscope\" >\r\n\t\t\t\t\t\t<span itemprop='name'>Jes\u00fas Heredero<\/span>\r\n\t\t\t\t\t\t<span itemprop='logo' itemscope itemtype='https:\/\/schema.org\/ImageObject'>\r\n\t\t\t\t\t\t\t<span itemprop='url'>https:\/\/mtp.global\/es\/wp-content\/uploads\/2023\/06\/Logo_MTP_blanco.svg<\/span>\r\n\t\t\t\t\t\t<\/span>\r\n\t\t\t\t<\/span><span class='av-structured-data'  itemprop=\"author\" itemscope=\"itemscope\" itemtype=\"https:\/\/schema.org\/Person\" ><span itemprop='name'>Jes\u00fas Heredero<\/span><\/span><span class='av-structured-data'  itemprop=\"datePublished\" datetime=\"2026-08-31T14:56:02+02:00\" >2026-08-13 09:30:00<\/span><span class='av-structured-data'  itemprop=\"dateModified\" itemtype=\"https:\/\/schema.org\/dateModified\" >2026-08-06 09:42:09<\/span><span class='av-structured-data'  itemprop=\"mainEntityOfPage\" itemtype=\"https:\/\/schema.org\/mainEntityOfPage\" ><span itemprop='name'>Valor, KPIs y ROI del gobierno de la IA: medir para decidir<\/span><\/span><\/span><\/article><article class='slide-entry flex_column  post-entry post-entry-44433 slide-entry-overview slide-loop-6 slide-parity-even  post-entry-last  av_one_half  real-thumbnail posttype-post post-format-standard'  itemscope=\"itemscope\" itemtype=\"https:\/\/schema.org\/BlogPosting\" itemprop=\"blogPost\" ><a href='https:\/\/mtp.global\/es\/blog\/accesibilidad-digital-y-ux\/que-es-la-experiencia-de-usuario-ux-principios-para-mejorar-la-usabilidad\/' data-rel='slide-1' class='slide-image' title='Qu\u00e9 es la experiencia de usuario UX: principios para mejorar la usabilidad'><img decoding=\"async\" fetchpriority=\"high\" width=\"495\" height=\"400\" src=\"https:\/\/mtp.global\/es\/wp-content\/uploads\/2026\/08\/Experiencia-de-usuario-UX-495x400.jpg\" class=\"wp-image-44434 avia-img-lazy-loading-not-44434 attachment-portfolio size-portfolio wp-post-image\" alt=\"Experiencia de usuario UX\" srcset=\"https:\/\/mtp.global\/es\/wp-content\/uploads\/2026\/08\/Experiencia-de-usuario-UX-495x400.jpg 495w, https:\/\/mtp.global\/es\/wp-content\/uploads\/2026\/08\/Experiencia-de-usuario-UX-845x684.jpg 845w\" sizes=\"(max-width: 495px) 100vw, 495px\" \/><\/a><div class=\"slide-content\"><header class=\"entry-content-header\"><h3 class='slide-entry-title entry-title '  itemprop=\"headline\" ><a href='https:\/\/mtp.global\/es\/blog\/accesibilidad-digital-y-ux\/que-es-la-experiencia-de-usuario-ux-principios-para-mejorar-la-usabilidad\/' title='Qu\u00e9 es la experiencia de usuario UX: principios para mejorar la usabilidad'>Qu\u00e9 es la experiencia de usuario UX: principios para mejorar la usabilidad<\/a><\/h3><span class=\"blog-categories minor-meta\"><a href=\"https:\/\/mtp.global\/es\/blog\/accesibilidad-digital-y-ux\/\" rel=\"tag\">Accesibilidad digital y UX<\/a> <\/span><span class=\"av-vertical-delimiter\"><\/span><\/header><div class='slide-entry-excerpt entry-content'  itemprop=\"text\" >\nLa experiencia de usuario, tambi\u00e9n conocida como UX, es uno de los factores m\u00e1s importantes para que un producto digital funcione. No basta con que\u2026<\/div><\/div><footer class=\"entry-footer\"><div class=\"slide-meta\"><time class='slide-meta-time updated'  itemprop=\"datePublished\" datetime=\"2026-08-10T20:03:05+02:00\" >10 de agosto de 2026<\/time><\/div><\/footer><span class='hidden'>\r\n\t\t\t\t<span class='av-structured-data'  itemprop=\"image\" itemscope=\"itemscope\" itemtype=\"https:\/\/schema.org\/ImageObject\" >\r\n\t\t\t\t\t\t<span itemprop='url'>https:\/\/mtp.global\/es\/wp-content\/uploads\/2026\/08\/Experiencia-de-usuario-UX-scaled.jpg<\/span>\r\n\t\t\t\t\t\t<span itemprop='height'>1440<\/span>\r\n\t\t\t\t\t\t<span itemprop='width'>2560<\/span>\r\n\t\t\t\t<\/span>\r\n\t\t\t\t<span class='av-structured-data'  itemprop=\"publisher\" itemtype=\"https:\/\/schema.org\/Organization\" itemscope=\"itemscope\" >\r\n\t\t\t\t\t\t<span itemprop='name'>MTP<\/span>\r\n\t\t\t\t\t\t<span itemprop='logo' itemscope itemtype='https:\/\/schema.org\/ImageObject'>\r\n\t\t\t\t\t\t\t<span itemprop='url'>https:\/\/mtp.global\/es\/wp-content\/uploads\/2023\/06\/Logo_MTP_blanco.svg<\/span>\r\n\t\t\t\t\t\t<\/span>\r\n\t\t\t\t<\/span><span class='av-structured-data'  itemprop=\"author\" itemscope=\"itemscope\" itemtype=\"https:\/\/schema.org\/Person\" ><span itemprop='name'>MTP<\/span><\/span><span class='av-structured-data'  itemprop=\"datePublished\" datetime=\"2026-08-31T14:56:02+02:00\" >2026-08-10 20:03:05<\/span><span class='av-structured-data'  itemprop=\"dateModified\" itemtype=\"https:\/\/schema.org\/dateModified\" >2026-08-10 20:03:06<\/span><span class='av-structured-data'  itemprop=\"mainEntityOfPage\" itemtype=\"https:\/\/schema.org\/mainEntityOfPage\" ><span itemprop='name'>Qu\u00e9 es la experiencia de usuario UX: principios para mejorar la usabilidad<\/span><\/span><\/span><\/article><\/div><\/div><div class='pagination-wrap pagination-slider'><nav class='pagination'><span class='pagination-meta'>P\u00e1gina 1 de 95<\/span><span class='current'>1<\/span><a href='https:\/\/mtp.global\/es\/wp-json\/wp\/v2\/pages\/600\/?avia-element-paging=2' class='inactive next_page' >2<\/a><a href='https:\/\/mtp.global\/es\/wp-json\/wp\/v2\/pages\/600\/?avia-element-paging=3' class='inactive' >3<\/a><a href='https:\/\/mtp.global\/es\/wp-json\/wp\/v2\/pages\/600\/?avia-element-paging=2'>&rsaquo;<\/a><a href='https:\/\/mtp.global\/es\/wp-json\/wp\/v2\/pages\/600\/?avia-element-paging=95'>&raquo;<\/a><\/nav>\n<\/div><\/div>\n<div  data-slideshow-options=\"{&quot;animation&quot;:&quot;fade&quot;,&quot;autoplay&quot;:false,&quot;loop_autoplay&quot;:&quot;once&quot;,&quot;interval&quot;:5,&quot;loop_manual&quot;:&quot;manual-endless&quot;,&quot;autoplay_stopper&quot;:false,&quot;noNavigation&quot;:false,&quot;show_slide_delay&quot;:90}\" class='avia-content-slider avia-content-grid-active avia-content-slider2 avia-content-slider-odd  av-slideshow-ui av-control-default   av-no-slider-navigation av-slideshow-manual av-loop-once av-loop-manual-endless  av-desktop-hide av-medium-hide'  itemscope=\"itemscope\" itemtype=\"https:\/\/schema.org\/Blog\" ><div class=\"avia-content-slider-inner\"><div class=\"slide-entry-wrap\"><article class='slide-entry flex_column  post-entry post-entry-44554 slide-entry-overview slide-loop-1 slide-parity-odd  av_fullwidth first real-thumbnail posttype-post post-format-standard'  itemscope=\"itemscope\" itemtype=\"https:\/\/schema.org\/BlogPosting\" itemprop=\"blogPost\" ><a href='https:\/\/mtp.global\/es\/blog\/seguridad-informatica\/que-es-la-ciberseguridad-guia-completa-para-proteger-empresas-y-datos\/' data-rel='slide-2' class='slide-image' title='Qu\u00e9 es la ciberseguridad: gu\u00eda completa para proteger empresas y datos'><img decoding=\"async\" fetchpriority=\"high\" width=\"1030\" height=\"590\" src=\"https:\/\/mtp.global\/es\/wp-content\/uploads\/2026\/08\/que-es-la-ciberseguridad-1030x590.jpg\" class=\"wp-image-44555 avia-img-lazy-loading-not-44555 attachment-large size-large wp-post-image\" alt=\"que es la ciberseguridad\" srcset=\"https:\/\/mtp.global\/es\/wp-content\/uploads\/2026\/08\/que-es-la-ciberseguridad-1030x590.jpg 1030w, https:\/\/mtp.global\/es\/wp-content\/uploads\/2026\/08\/que-es-la-ciberseguridad-300x172.jpg 300w, https:\/\/mtp.global\/es\/wp-content\/uploads\/2026\/08\/que-es-la-ciberseguridad-768x440.jpg 768w, https:\/\/mtp.global\/es\/wp-content\/uploads\/2026\/08\/que-es-la-ciberseguridad-1536x880.jpg 1536w, https:\/\/mtp.global\/es\/wp-content\/uploads\/2026\/08\/que-es-la-ciberseguridad-2048x1173.jpg 2048w, https:\/\/mtp.global\/es\/wp-content\/uploads\/2026\/08\/que-es-la-ciberseguridad-1500x859.jpg 1500w, https:\/\/mtp.global\/es\/wp-content\/uploads\/2026\/08\/que-es-la-ciberseguridad-705x404.jpg 705w\" sizes=\"(max-width: 1030px) 100vw, 1030px\" \/><\/a><div class=\"slide-content\"><header class=\"entry-content-header\"><h3 class='slide-entry-title entry-title '  itemprop=\"headline\" ><a href='https:\/\/mtp.global\/es\/blog\/seguridad-informatica\/que-es-la-ciberseguridad-guia-completa-para-proteger-empresas-y-datos\/' title='Qu\u00e9 es la ciberseguridad: gu\u00eda completa para proteger empresas y datos'>Qu\u00e9 es la ciberseguridad: gu\u00eda completa para proteger empresas y datos<\/a><\/h3><span class=\"blog-categories minor-meta\"><a href=\"https:\/\/mtp.global\/es\/blog\/seguridad-informatica\/\" rel=\"tag\">Ciberseguridad<\/a> <\/span><span class=\"av-vertical-delimiter\"><\/span><\/header><div class='slide-entry-excerpt entry-content'  itemprop=\"text\" >\nLa ciberseguridad es el conjunto de estrategias, procesos, tecnolog\u00edas y buenas pr\u00e1cticas destinadas a proteger sistemas, redes, aplicaciones, dispositivos,\u2026<\/div><\/div><footer class=\"entry-footer\"><div class=\"slide-meta\"><time class='slide-meta-time updated'  itemprop=\"datePublished\" datetime=\"2026-08-28T13:04:00+02:00\" >28 de agosto de 2026<\/time><\/div><\/footer><span class='hidden'>\r\n\t\t\t\t<span class='av-structured-data'  itemprop=\"image\" itemscope=\"itemscope\" itemtype=\"https:\/\/schema.org\/ImageObject\" >\r\n\t\t\t\t\t\t<span itemprop='url'>https:\/\/mtp.global\/es\/wp-content\/uploads\/2026\/08\/que-es-la-ciberseguridad-scaled.jpg<\/span>\r\n\t\t\t\t\t\t<span itemprop='height'>1466<\/span>\r\n\t\t\t\t\t\t<span itemprop='width'>2560<\/span>\r\n\t\t\t\t<\/span>\r\n\t\t\t\t<span class='av-structured-data'  itemprop=\"publisher\" itemtype=\"https:\/\/schema.org\/Organization\" itemscope=\"itemscope\" >\r\n\t\t\t\t\t\t<span itemprop='name'>MTP<\/span>\r\n\t\t\t\t\t\t<span itemprop='logo' itemscope itemtype='https:\/\/schema.org\/ImageObject'>\r\n\t\t\t\t\t\t\t<span itemprop='url'>https:\/\/mtp.global\/es\/wp-content\/uploads\/2023\/06\/Logo_MTP_blanco.svg<\/span>\r\n\t\t\t\t\t\t<\/span>\r\n\t\t\t\t<\/span><span class='av-structured-data'  itemprop=\"author\" itemscope=\"itemscope\" itemtype=\"https:\/\/schema.org\/Person\" ><span itemprop='name'>MTP<\/span><\/span><span class='av-structured-data'  itemprop=\"datePublished\" datetime=\"2026-08-31T14:56:02+02:00\" >2026-08-28 13:04:00<\/span><span class='av-structured-data'  itemprop=\"dateModified\" itemtype=\"https:\/\/schema.org\/dateModified\" >2026-08-30 22:16:29<\/span><span class='av-structured-data'  itemprop=\"mainEntityOfPage\" itemtype=\"https:\/\/schema.org\/mainEntityOfPage\" ><span itemprop='name'>Qu\u00e9 es la ciberseguridad: gu\u00eda completa para proteger empresas y datos<\/span><\/span><\/span><\/article><\/div><div class=\"slide-entry-wrap\"><article class='slide-entry flex_column  post-entry post-entry-44492 slide-entry-overview slide-loop-2 slide-parity-odd  av_fullwidth first real-thumbnail posttype-post post-format-standard'  itemscope=\"itemscope\" itemtype=\"https:\/\/schema.org\/BlogPosting\" itemprop=\"blogPost\" ><a href='https:\/\/mtp.global\/es\/blog\/devops\/sistemas-de-trazabilidad-como-garantizar-control-seguridad-y-cumplimiento-normativo\/' data-rel='slide-2' class='slide-image' title='Sistemas de trazabilidad: c\u00f3mo garantizar control, seguridad y cumplimiento normativo'><img decoding=\"async\" fetchpriority=\"high\" width=\"1030\" height=\"442\" src=\"https:\/\/mtp.global\/es\/wp-content\/uploads\/2026\/08\/Sistemas-de-trazabilidad-1030x442.jpg\" class=\"wp-image-44493 avia-img-lazy-loading-not-44493 attachment-large size-large wp-post-image\" alt=\"\" srcset=\"https:\/\/mtp.global\/es\/wp-content\/uploads\/2026\/08\/Sistemas-de-trazabilidad-1030x442.jpg 1030w, https:\/\/mtp.global\/es\/wp-content\/uploads\/2026\/08\/Sistemas-de-trazabilidad-300x129.jpg 300w, https:\/\/mtp.global\/es\/wp-content\/uploads\/2026\/08\/Sistemas-de-trazabilidad-768x329.jpg 768w, https:\/\/mtp.global\/es\/wp-content\/uploads\/2026\/08\/Sistemas-de-trazabilidad-1536x659.jpg 1536w, https:\/\/mtp.global\/es\/wp-content\/uploads\/2026\/08\/Sistemas-de-trazabilidad-2048x879.jpg 2048w, https:\/\/mtp.global\/es\/wp-content\/uploads\/2026\/08\/Sistemas-de-trazabilidad-1500x644.jpg 1500w, https:\/\/mtp.global\/es\/wp-content\/uploads\/2026\/08\/Sistemas-de-trazabilidad-705x302.jpg 705w\" sizes=\"(max-width: 1030px) 100vw, 1030px\" \/><\/a><div class=\"slide-content\"><header class=\"entry-content-header\"><h3 class='slide-entry-title entry-title '  itemprop=\"headline\" ><a href='https:\/\/mtp.global\/es\/blog\/devops\/sistemas-de-trazabilidad-como-garantizar-control-seguridad-y-cumplimiento-normativo\/' title='Sistemas de trazabilidad: c\u00f3mo garantizar control, seguridad y cumplimiento normativo'>Sistemas de trazabilidad: c\u00f3mo garantizar control, seguridad y cumplimiento normativo<\/a><\/h3><span class=\"blog-categories minor-meta\"><a href=\"https:\/\/mtp.global\/es\/blog\/devops\/\" rel=\"tag\">DevOps<\/a> <\/span><span class=\"av-vertical-delimiter\"><\/span><\/header><div class='slide-entry-excerpt entry-content'  itemprop=\"text\" >\nLos sistemas de trazabilidad se han convertido en una pieza fundamental para las organizaciones que necesitan garantizar control, seguridad, transparencia\u2026<\/div><\/div><footer class=\"entry-footer\"><div class=\"slide-meta\"><time class='slide-meta-time updated'  itemprop=\"datePublished\" datetime=\"2026-08-27T10:34:33+02:00\" >27 de agosto de 2026<\/time><\/div><\/footer><span class='hidden'>\r\n\t\t\t\t<span class='av-structured-data'  itemprop=\"image\" itemscope=\"itemscope\" itemtype=\"https:\/\/schema.org\/ImageObject\" >\r\n\t\t\t\t\t\t<span itemprop='url'>https:\/\/mtp.global\/es\/wp-content\/uploads\/2026\/08\/Sistemas-de-trazabilidad-scaled.jpg<\/span>\r\n\t\t\t\t\t\t<span itemprop='height'>1098<\/span>\r\n\t\t\t\t\t\t<span itemprop='width'>2560<\/span>\r\n\t\t\t\t<\/span>\r\n\t\t\t\t<span class='av-structured-data'  itemprop=\"publisher\" itemtype=\"https:\/\/schema.org\/Organization\" itemscope=\"itemscope\" >\r\n\t\t\t\t\t\t<span itemprop='name'>MTP<\/span>\r\n\t\t\t\t\t\t<span itemprop='logo' itemscope itemtype='https:\/\/schema.org\/ImageObject'>\r\n\t\t\t\t\t\t\t<span itemprop='url'>https:\/\/mtp.global\/es\/wp-content\/uploads\/2023\/06\/Logo_MTP_blanco.svg<\/span>\r\n\t\t\t\t\t\t<\/span>\r\n\t\t\t\t<\/span><span class='av-structured-data'  itemprop=\"author\" itemscope=\"itemscope\" itemtype=\"https:\/\/schema.org\/Person\" ><span itemprop='name'>MTP<\/span><\/span><span class='av-structured-data'  itemprop=\"datePublished\" datetime=\"2026-08-31T14:56:02+02:00\" >2026-08-27 10:34:33<\/span><span class='av-structured-data'  itemprop=\"dateModified\" itemtype=\"https:\/\/schema.org\/dateModified\" >2026-08-30 22:04:10<\/span><span class='av-structured-data'  itemprop=\"mainEntityOfPage\" itemtype=\"https:\/\/schema.org\/mainEntityOfPage\" ><span itemprop='name'>Sistemas de trazabilidad: c\u00f3mo garantizar control, seguridad y cumplimiento normativo<\/span><\/span><\/span><\/article><\/div><div class=\"slide-entry-wrap\"><article class='slide-entry flex_column  post-entry post-entry-44400 slide-entry-overview slide-loop-3 slide-parity-odd  av_fullwidth first real-thumbnail posttype-post post-format-standard'  itemscope=\"itemscope\" itemtype=\"https:\/\/schema.org\/BlogPosting\" itemprop=\"blogPost\" ><a href='https:\/\/mtp.global\/es\/blog\/ia\/ai-act-y-preparacion-operativa-del-calendario-europeo-a-la-futura-gobernanza-espanola\/' data-rel='slide-2' class='slide-image' title='AI Act y preparaci\u00f3n operativa: del calendario europeo a la futura gobernanza espa\u00f1ola'><img decoding=\"async\" fetchpriority=\"high\" width=\"1030\" height=\"579\" src=\"https:\/\/mtp.global\/es\/wp-content\/uploads\/2026\/08\/MTP-Blog-post-AI-Act-1030x579.webp\" class=\"wp-image-44388 avia-img-lazy-loading-not-44388 attachment-large size-large wp-post-image\" alt=\"\" srcset=\"https:\/\/mtp.global\/es\/wp-content\/uploads\/2026\/08\/MTP-Blog-post-AI-Act-1030x579.webp 1030w, https:\/\/mtp.global\/es\/wp-content\/uploads\/2026\/08\/MTP-Blog-post-AI-Act-300x169.webp 300w, https:\/\/mtp.global\/es\/wp-content\/uploads\/2026\/08\/MTP-Blog-post-AI-Act-768x432.webp 768w, https:\/\/mtp.global\/es\/wp-content\/uploads\/2026\/08\/MTP-Blog-post-AI-Act-1536x864.webp 1536w, https:\/\/mtp.global\/es\/wp-content\/uploads\/2026\/08\/MTP-Blog-post-AI-Act-1500x844.webp 1500w, https:\/\/mtp.global\/es\/wp-content\/uploads\/2026\/08\/MTP-Blog-post-AI-Act-705x397.webp 705w, https:\/\/mtp.global\/es\/wp-content\/uploads\/2026\/08\/MTP-Blog-post-AI-Act.webp 1920w\" sizes=\"(max-width: 1030px) 100vw, 1030px\" \/><\/a><div class=\"slide-content\"><header class=\"entry-content-header\"><h3 class='slide-entry-title entry-title '  itemprop=\"headline\" ><a href='https:\/\/mtp.global\/es\/blog\/ia\/ai-act-y-preparacion-operativa-del-calendario-europeo-a-la-futura-gobernanza-espanola\/' title='AI Act y preparaci\u00f3n operativa: del calendario europeo a la futura gobernanza espa\u00f1ola'>AI Act y preparaci\u00f3n operativa: del calendario europeo a la futura gobernanza espa\u00f1ola<\/a><\/h3><span class=\"blog-categories minor-meta\"><a href=\"https:\/\/mtp.global\/es\/blog\/ia\/\" rel=\"tag\">IA<\/a> <\/span><span class=\"av-vertical-delimiter\"><\/span><\/header><div class='slide-entry-excerpt entry-content'  itemprop=\"text\" >La preparaci\u00f3n para el AI Act entra en una etapa de mayor concreci\u00f3n. Durante los \u00faltimos meses han coincidido tres movimientos relevantes: el acuerdo pol\u00edtico europeo sobre el \u00d3mnibus Digital de IA, la publicaci\u00f3n de nuevos instrumentos de apoyo por parte de la Comisi\u00f3n Europea y la presentaci\u00f3n en Espa\u00f1a del Proyecto de Ley Org\u00e1nica para el buen uso y la gobernanza de la inteligencia artificial. Hacemos en este post una lectura actualizada.<\/div><\/div><footer class=\"entry-footer\"><div class=\"slide-meta\"><time class='slide-meta-time updated'  itemprop=\"datePublished\" datetime=\"2026-08-20T09:30:00+02:00\" >20 de agosto de 2026<\/time><\/div><\/footer><span class='hidden'>\r\n\t\t\t\t<span class='av-structured-data'  itemprop=\"image\" itemscope=\"itemscope\" itemtype=\"https:\/\/schema.org\/ImageObject\" >\r\n\t\t\t\t\t\t<span itemprop='url'>https:\/\/mtp.global\/es\/wp-content\/uploads\/2026\/08\/MTP-Blog-post-AI-Act.webp<\/span>\r\n\t\t\t\t\t\t<span itemprop='height'>1080<\/span>\r\n\t\t\t\t\t\t<span itemprop='width'>1920<\/span>\r\n\t\t\t\t<\/span>\r\n\t\t\t\t<span class='av-structured-data'  itemprop=\"publisher\" itemtype=\"https:\/\/schema.org\/Organization\" itemscope=\"itemscope\" >\r\n\t\t\t\t\t\t<span itemprop='name'>Jes\u00fas Heredero<\/span>\r\n\t\t\t\t\t\t<span itemprop='logo' itemscope itemtype='https:\/\/schema.org\/ImageObject'>\r\n\t\t\t\t\t\t\t<span itemprop='url'>https:\/\/mtp.global\/es\/wp-content\/uploads\/2023\/06\/Logo_MTP_blanco.svg<\/span>\r\n\t\t\t\t\t\t<\/span>\r\n\t\t\t\t<\/span><span class='av-structured-data'  itemprop=\"author\" itemscope=\"itemscope\" itemtype=\"https:\/\/schema.org\/Person\" ><span itemprop='name'>Jes\u00fas Heredero<\/span><\/span><span class='av-structured-data'  itemprop=\"datePublished\" datetime=\"2026-08-31T14:56:02+02:00\" >2026-08-20 09:30:00<\/span><span class='av-structured-data'  itemprop=\"dateModified\" itemtype=\"https:\/\/schema.org\/dateModified\" >2026-08-06 09:56:15<\/span><span class='av-structured-data'  itemprop=\"mainEntityOfPage\" itemtype=\"https:\/\/schema.org\/mainEntityOfPage\" ><span itemprop='name'>AI Act y preparaci\u00f3n operativa: del calendario europeo a la futura gobernanza espa\u00f1ola<\/span><\/span><\/span><\/article><\/div><div class=\"slide-entry-wrap\"><article class='slide-entry flex_column  post-entry post-entry-44478 slide-entry-overview slide-loop-4 slide-parity-odd  av_fullwidth first real-thumbnail posttype-post post-format-standard'  itemscope=\"itemscope\" itemtype=\"https:\/\/schema.org\/BlogPosting\" itemprop=\"blogPost\" ><a href='https:\/\/mtp.global\/es\/blog\/consultoria-de-transformacion-digital\/que-es-un-projects-lifecycle-y-para-que-sirve\/' data-rel='slide-2' class='slide-image' title='\u00bfQu\u00e9 es un Projects Lifecycle y para qu\u00e9 sirve?'><img decoding=\"async\" fetchpriority=\"high\" width=\"1030\" height=\"687\" src=\"https:\/\/mtp.global\/es\/wp-content\/uploads\/2026\/08\/Que-es-Projects-Lifecycle-1030x687.jpg\" class=\"wp-image-44479 avia-img-lazy-loading-not-44479 attachment-large size-large wp-post-image\" alt=\"Que es Projects Lifecycle.\" srcset=\"https:\/\/mtp.global\/es\/wp-content\/uploads\/2026\/08\/Que-es-Projects-Lifecycle-1030x687.jpg 1030w, https:\/\/mtp.global\/es\/wp-content\/uploads\/2026\/08\/Que-es-Projects-Lifecycle-300x200.jpg 300w, https:\/\/mtp.global\/es\/wp-content\/uploads\/2026\/08\/Que-es-Projects-Lifecycle-768x512.jpg 768w, https:\/\/mtp.global\/es\/wp-content\/uploads\/2026\/08\/Que-es-Projects-Lifecycle-1536x1024.jpg 1536w, https:\/\/mtp.global\/es\/wp-content\/uploads\/2026\/08\/Que-es-Projects-Lifecycle-2048x1365.jpg 2048w, https:\/\/mtp.global\/es\/wp-content\/uploads\/2026\/08\/Que-es-Projects-Lifecycle-1500x1000.jpg 1500w, https:\/\/mtp.global\/es\/wp-content\/uploads\/2026\/08\/Que-es-Projects-Lifecycle-705x470.jpg 705w\" sizes=\"(max-width: 1030px) 100vw, 1030px\" \/><\/a><div class=\"slide-content\"><header class=\"entry-content-header\"><h3 class='slide-entry-title entry-title '  itemprop=\"headline\" ><a href='https:\/\/mtp.global\/es\/blog\/consultoria-de-transformacion-digital\/que-es-un-projects-lifecycle-y-para-que-sirve\/' title='\u00bfQu\u00e9 es un Projects Lifecycle y para qu\u00e9 sirve?'>\u00bfQu\u00e9 es un Projects Lifecycle y para qu\u00e9 sirve?<\/a><\/h3><span class=\"blog-categories minor-meta\"><a href=\"https:\/\/mtp.global\/es\/blog\/consultoria-de-transformacion-digital\/\" rel=\"tag\">Consultor\u00eda de transformaci\u00f3n digital<\/a> <\/span><span class=\"av-vertical-delimiter\"><\/span><\/header><div class='slide-entry-excerpt entry-content'  itemprop=\"text\" >\nUn Project Lifecycle es un marco que define las etapas de un proyecto desde su inicio hasta su cierre. En entornos digitales, aporta estructura y visibilidad,\u2026<\/div><\/div><footer class=\"entry-footer\"><div class=\"slide-meta\"><time class='slide-meta-time updated'  itemprop=\"datePublished\" datetime=\"2026-08-19T09:59:42+02:00\" >19 de agosto de 2026<\/time><\/div><\/footer><span class='hidden'>\r\n\t\t\t\t<span class='av-structured-data'  itemprop=\"image\" itemscope=\"itemscope\" itemtype=\"https:\/\/schema.org\/ImageObject\" >\r\n\t\t\t\t\t\t<span itemprop='url'>https:\/\/mtp.global\/es\/wp-content\/uploads\/2026\/08\/Que-es-Projects-Lifecycle-scaled.jpg<\/span>\r\n\t\t\t\t\t\t<span itemprop='height'>1707<\/span>\r\n\t\t\t\t\t\t<span itemprop='width'>2560<\/span>\r\n\t\t\t\t<\/span>\r\n\t\t\t\t<span class='av-structured-data'  itemprop=\"publisher\" itemtype=\"https:\/\/schema.org\/Organization\" itemscope=\"itemscope\" >\r\n\t\t\t\t\t\t<span itemprop='name'>MTP<\/span>\r\n\t\t\t\t\t\t<span itemprop='logo' itemscope itemtype='https:\/\/schema.org\/ImageObject'>\r\n\t\t\t\t\t\t\t<span itemprop='url'>https:\/\/mtp.global\/es\/wp-content\/uploads\/2023\/06\/Logo_MTP_blanco.svg<\/span>\r\n\t\t\t\t\t\t<\/span>\r\n\t\t\t\t<\/span><span class='av-structured-data'  itemprop=\"author\" itemscope=\"itemscope\" itemtype=\"https:\/\/schema.org\/Person\" ><span itemprop='name'>MTP<\/span><\/span><span class='av-structured-data'  itemprop=\"datePublished\" datetime=\"2026-08-31T14:56:02+02:00\" >2026-08-19 09:59:42<\/span><span class='av-structured-data'  itemprop=\"dateModified\" itemtype=\"https:\/\/schema.org\/dateModified\" >2026-08-20 10:01:26<\/span><span class='av-structured-data'  itemprop=\"mainEntityOfPage\" itemtype=\"https:\/\/schema.org\/mainEntityOfPage\" ><span itemprop='name'>\u00bfQu\u00e9 es un Projects Lifecycle y para qu\u00e9 sirve?<\/span><\/span><\/span><\/article><\/div><div class=\"slide-entry-wrap\"><article class='slide-entry flex_column  post-entry post-entry-44394 slide-entry-overview slide-loop-5 slide-parity-odd  av_fullwidth first real-thumbnail posttype-post post-format-standard'  itemscope=\"itemscope\" itemtype=\"https:\/\/schema.org\/BlogPosting\" itemprop=\"blogPost\" ><a href='https:\/\/mtp.global\/es\/blog\/ia\/valor-kpis-y-roi-del-gobierno-de-la-ia-medir-para-decidir\/' data-rel='slide-2' class='slide-image' title='Valor, KPIs y ROI del gobierno de la IA: medir para decidir'><img decoding=\"async\" fetchpriority=\"high\" width=\"1030\" height=\"579\" src=\"https:\/\/mtp.global\/es\/wp-content\/uploads\/2026\/08\/MTP-Blog-post-Gobierno-IA-2-1030x579.webp\" class=\"wp-image-44389 avia-img-lazy-loading-not-44389 attachment-large size-large wp-post-image\" alt=\"\" srcset=\"https:\/\/mtp.global\/es\/wp-content\/uploads\/2026\/08\/MTP-Blog-post-Gobierno-IA-2-1030x579.webp 1030w, https:\/\/mtp.global\/es\/wp-content\/uploads\/2026\/08\/MTP-Blog-post-Gobierno-IA-2-300x169.webp 300w, https:\/\/mtp.global\/es\/wp-content\/uploads\/2026\/08\/MTP-Blog-post-Gobierno-IA-2-768x432.webp 768w, https:\/\/mtp.global\/es\/wp-content\/uploads\/2026\/08\/MTP-Blog-post-Gobierno-IA-2-1536x864.webp 1536w, https:\/\/mtp.global\/es\/wp-content\/uploads\/2026\/08\/MTP-Blog-post-Gobierno-IA-2-1500x844.webp 1500w, https:\/\/mtp.global\/es\/wp-content\/uploads\/2026\/08\/MTP-Blog-post-Gobierno-IA-2-705x397.webp 705w, https:\/\/mtp.global\/es\/wp-content\/uploads\/2026\/08\/MTP-Blog-post-Gobierno-IA-2.webp 1920w\" sizes=\"(max-width: 1030px) 100vw, 1030px\" \/><\/a><div class=\"slide-content\"><header class=\"entry-content-header\"><h3 class='slide-entry-title entry-title '  itemprop=\"headline\" ><a href='https:\/\/mtp.global\/es\/blog\/ia\/valor-kpis-y-roi-del-gobierno-de-la-ia-medir-para-decidir\/' title='Valor, KPIs y ROI del gobierno de la IA: medir para decidir'>Valor, KPIs y ROI del gobierno de la IA: medir para decidir<\/a><\/h3><span class=\"blog-categories minor-meta\"><a href=\"https:\/\/mtp.global\/es\/blog\/ia\/\" rel=\"tag\">IA<\/a> <\/span><span class=\"av-vertical-delimiter\"><\/span><\/header><div class='slide-entry-excerpt entry-content'  itemprop=\"text\" >Medir el ROI del gobierno de IA exige combinar resultados econ\u00f3micos, calidad, riesgo y capacidad de escalado. Cuando esta relaci\u00f3n se hace visible, el gobierno deja de percibirse como una capa administrativa y se convierte en una infraestructura de decisi\u00f3n.<\/div><\/div><footer class=\"entry-footer\"><div class=\"slide-meta\"><time class='slide-meta-time updated'  itemprop=\"datePublished\" datetime=\"2026-08-13T09:30:00+02:00\" >13 de agosto de 2026<\/time><\/div><\/footer><span class='hidden'>\r\n\t\t\t\t<span class='av-structured-data'  itemprop=\"image\" itemscope=\"itemscope\" itemtype=\"https:\/\/schema.org\/ImageObject\" >\r\n\t\t\t\t\t\t<span itemprop='url'>https:\/\/mtp.global\/es\/wp-content\/uploads\/2026\/08\/MTP-Blog-post-Gobierno-IA-2.webp<\/span>\r\n\t\t\t\t\t\t<span itemprop='height'>1080<\/span>\r\n\t\t\t\t\t\t<span itemprop='width'>1920<\/span>\r\n\t\t\t\t<\/span>\r\n\t\t\t\t<span class='av-structured-data'  itemprop=\"publisher\" itemtype=\"https:\/\/schema.org\/Organization\" itemscope=\"itemscope\" >\r\n\t\t\t\t\t\t<span itemprop='name'>Jes\u00fas Heredero<\/span>\r\n\t\t\t\t\t\t<span itemprop='logo' itemscope itemtype='https:\/\/schema.org\/ImageObject'>\r\n\t\t\t\t\t\t\t<span itemprop='url'>https:\/\/mtp.global\/es\/wp-content\/uploads\/2023\/06\/Logo_MTP_blanco.svg<\/span>\r\n\t\t\t\t\t\t<\/span>\r\n\t\t\t\t<\/span><span class='av-structured-data'  itemprop=\"author\" itemscope=\"itemscope\" itemtype=\"https:\/\/schema.org\/Person\" ><span itemprop='name'>Jes\u00fas Heredero<\/span><\/span><span class='av-structured-data'  itemprop=\"datePublished\" datetime=\"2026-08-31T14:56:02+02:00\" >2026-08-13 09:30:00<\/span><span class='av-structured-data'  itemprop=\"dateModified\" itemtype=\"https:\/\/schema.org\/dateModified\" >2026-08-06 09:42:09<\/span><span class='av-structured-data'  itemprop=\"mainEntityOfPage\" itemtype=\"https:\/\/schema.org\/mainEntityOfPage\" ><span itemprop='name'>Valor, KPIs y ROI del gobierno de la IA: medir para decidir<\/span><\/span><\/span><\/article><\/div><div class=\"slide-entry-wrap\"><article class='slide-entry flex_column  post-entry post-entry-44433 slide-entry-overview slide-loop-6 slide-parity-odd  post-entry-last  av_fullwidth first real-thumbnail posttype-post post-format-standard'  itemscope=\"itemscope\" itemtype=\"https:\/\/schema.org\/BlogPosting\" itemprop=\"blogPost\" ><a href='https:\/\/mtp.global\/es\/blog\/accesibilidad-digital-y-ux\/que-es-la-experiencia-de-usuario-ux-principios-para-mejorar-la-usabilidad\/' data-rel='slide-2' class='slide-image' title='Qu\u00e9 es la experiencia de usuario UX: principios para mejorar la usabilidad'><img decoding=\"async\" fetchpriority=\"high\" width=\"1030\" height=\"579\" src=\"https:\/\/mtp.global\/es\/wp-content\/uploads\/2026\/08\/Experiencia-de-usuario-UX-1030x579.jpg\" class=\"wp-image-44434 avia-img-lazy-loading-not-44434 attachment-large size-large wp-post-image\" alt=\"Experiencia de usuario UX\" srcset=\"https:\/\/mtp.global\/es\/wp-content\/uploads\/2026\/08\/Experiencia-de-usuario-UX-1030x579.jpg 1030w, https:\/\/mtp.global\/es\/wp-content\/uploads\/2026\/08\/Experiencia-de-usuario-UX-300x169.jpg 300w, https:\/\/mtp.global\/es\/wp-content\/uploads\/2026\/08\/Experiencia-de-usuario-UX-768x432.jpg 768w, https:\/\/mtp.global\/es\/wp-content\/uploads\/2026\/08\/Experiencia-de-usuario-UX-1536x864.jpg 1536w, https:\/\/mtp.global\/es\/wp-content\/uploads\/2026\/08\/Experiencia-de-usuario-UX-2048x1152.jpg 2048w, https:\/\/mtp.global\/es\/wp-content\/uploads\/2026\/08\/Experiencia-de-usuario-UX-1500x844.jpg 1500w, https:\/\/mtp.global\/es\/wp-content\/uploads\/2026\/08\/Experiencia-de-usuario-UX-705x396.jpg 705w\" sizes=\"(max-width: 1030px) 100vw, 1030px\" \/><\/a><div class=\"slide-content\"><header class=\"entry-content-header\"><h3 class='slide-entry-title entry-title '  itemprop=\"headline\" ><a href='https:\/\/mtp.global\/es\/blog\/accesibilidad-digital-y-ux\/que-es-la-experiencia-de-usuario-ux-principios-para-mejorar-la-usabilidad\/' title='Qu\u00e9 es la experiencia de usuario UX: principios para mejorar la usabilidad'>Qu\u00e9 es la experiencia de usuario UX: principios para mejorar la usabilidad<\/a><\/h3><span class=\"blog-categories minor-meta\"><a href=\"https:\/\/mtp.global\/es\/blog\/accesibilidad-digital-y-ux\/\" rel=\"tag\">Accesibilidad digital y UX<\/a> <\/span><span class=\"av-vertical-delimiter\"><\/span><\/header><div class='slide-entry-excerpt entry-content'  itemprop=\"text\" >\nLa experiencia de usuario, tambi\u00e9n conocida como UX, es uno de los factores m\u00e1s importantes para que un producto digital funcione. No basta con que\u2026<\/div><\/div><footer class=\"entry-footer\"><div class=\"slide-meta\"><time class='slide-meta-time updated'  itemprop=\"datePublished\" datetime=\"2026-08-10T20:03:05+02:00\" >10 de agosto de 2026<\/time><\/div><\/footer><span class='hidden'>\r\n\t\t\t\t<span class='av-structured-data'  itemprop=\"image\" itemscope=\"itemscope\" itemtype=\"https:\/\/schema.org\/ImageObject\" >\r\n\t\t\t\t\t\t<span itemprop='url'>https:\/\/mtp.global\/es\/wp-content\/uploads\/2026\/08\/Experiencia-de-usuario-UX-scaled.jpg<\/span>\r\n\t\t\t\t\t\t<span itemprop='height'>1440<\/span>\r\n\t\t\t\t\t\t<span itemprop='width'>2560<\/span>\r\n\t\t\t\t<\/span>\r\n\t\t\t\t<span class='av-structured-data'  itemprop=\"publisher\" itemtype=\"https:\/\/schema.org\/Organization\" itemscope=\"itemscope\" >\r\n\t\t\t\t\t\t<span itemprop='name'>MTP<\/span>\r\n\t\t\t\t\t\t<span itemprop='logo' itemscope itemtype='https:\/\/schema.org\/ImageObject'>\r\n\t\t\t\t\t\t\t<span itemprop='url'>https:\/\/mtp.global\/es\/wp-content\/uploads\/2023\/06\/Logo_MTP_blanco.svg<\/span>\r\n\t\t\t\t\t\t<\/span>\r\n\t\t\t\t<\/span><span class='av-structured-data'  itemprop=\"author\" itemscope=\"itemscope\" itemtype=\"https:\/\/schema.org\/Person\" ><span itemprop='name'>MTP<\/span><\/span><span class='av-structured-data'  itemprop=\"datePublished\" datetime=\"2026-08-31T14:56:02+02:00\" >2026-08-10 20:03:05<\/span><span class='av-structured-data'  itemprop=\"dateModified\" itemtype=\"https:\/\/schema.org\/dateModified\" >2026-08-10 20:03:06<\/span><span class='av-structured-data'  itemprop=\"mainEntityOfPage\" itemtype=\"https:\/\/schema.org\/mainEntityOfPage\" ><span itemprop='name'>Qu\u00e9 es la experiencia de usuario UX: principios para mejorar la usabilidad<\/span><\/span><\/span><\/article><\/div><\/div><div class='pagination-wrap pagination-slider'><nav class='pagination'><span class='pagination-meta'>P\u00e1gina 1 de 95<\/span><span class='current'>1<\/span><a href='https:\/\/mtp.global\/es\/wp-json\/wp\/v2\/pages\/600\/?avia-element-paging=2' class='inactive next_page' >2<\/a><a href='https:\/\/mtp.global\/es\/wp-json\/wp\/v2\/pages\/600\/?avia-element-paging=3' class='inactive' >3<\/a><a href='https:\/\/mtp.global\/es\/wp-json\/wp\/v2\/pages\/600\/?avia-element-paging=2'>&rsaquo;<\/a><a href='https:\/\/mtp.global\/es\/wp-json\/wp\/v2\/pages\/600\/?avia-element-paging=95'>&raquo;<\/a><\/nav>\n<\/div><\/div>\n","protected":false},"excerpt":{"rendered":"","protected":false},"author":9,"featured_media":0,"parent":0,"menu_order":7,"comment_status":"closed","ping_status":"closed","template":"","meta":{"_acf_changed":false,"footnotes":""},"class_list":["post-600","page","type-page","status-publish","hentry"],"acf":[],"yoast_head":"<!-- This site is optimized with the Yoast SEO plugin v28.0 - https:\/\/yoast.com\/product\/yoast-seo-wordpress\/ -->\n<title>Blog MTP: tendencias, ideas y casos digitales | MTP<\/title>\n<meta name=\"description\" content=\"Blog de MTP con contenidos sobre tendencias digitales, innovaci\u00f3n, casos pr\u00e1cticos y recursos \u00fatiles para mantenerte al d\u00eda en el mundo digital.\" \/>\n<meta name=\"robots\" content=\"index, follow, max-snippet:-1, max-image-preview:large, max-video-preview:-1\" \/>\n<link rel=\"canonical\" href=\"https:\/\/mtp.global\/es\/blog\/\" \/>\n<meta property=\"og:locale\" content=\"es_ES\" \/>\n<meta property=\"og:type\" content=\"article\" \/>\n<meta property=\"og:title\" content=\"Blog MTP: tendencias, ideas y casos digitales | MTP\" \/>\n<meta property=\"og:description\" content=\"Blog de MTP con contenidos sobre tendencias digitales, innovaci\u00f3n, casos pr\u00e1cticos y recursos \u00fatiles para mantenerte al d\u00eda en el mundo digital.\" \/>\n<meta property=\"og:url\" content=\"https:\/\/mtp.global\/es\/blog\/\" \/>\n<meta property=\"og:site_name\" content=\"MTP Espa\u00f1a\" \/>\n<meta property=\"article:modified_time\" content=\"2026-03-19T15:02:23+00:00\" \/>\n<meta name=\"twitter:card\" content=\"summary_large_image\" \/>\n<meta name=\"twitter:label1\" content=\"Tiempo de lectura\" \/>\n\t<meta name=\"twitter:data1\" content=\"10 minutos\" \/>\n<!-- \/ Yoast SEO plugin. -->","yoast_head_json":{"title":"Blog MTP: tendencias, ideas y casos digitales | MTP","description":"Blog de MTP con contenidos sobre tendencias digitales, innovaci\u00f3n, casos pr\u00e1cticos y recursos \u00fatiles para mantenerte al d\u00eda en el mundo digital.","robots":{"index":"index","follow":"follow","max-snippet":"max-snippet:-1","max-image-preview":"max-image-preview:large","max-video-preview":"max-video-preview:-1"},"canonical":"https:\/\/mtp.global\/es\/blog\/","og_locale":"es_ES","og_type":"article","og_title":"Blog MTP: tendencias, ideas y casos digitales | MTP","og_description":"Blog de MTP con contenidos sobre tendencias digitales, innovaci\u00f3n, casos pr\u00e1cticos y recursos \u00fatiles para mantenerte al d\u00eda en el mundo digital.","og_url":"https:\/\/mtp.global\/es\/blog\/","og_site_name":"MTP Espa\u00f1a","article_modified_time":"2026-03-19T15:02:23+00:00","twitter_card":"summary_large_image","twitter_misc":{"Tiempo de lectura":"10 minutos"},"schema":{"@context":"https:\/\/schema.org","@graph":[{"@type":"WebPage","@id":"https:\/\/mtp.global\/es\/blog\/","url":"https:\/\/mtp.global\/es\/blog\/","name":"Blog MTP: tendencias, ideas y casos digitales | MTP","isPartOf":{"@id":"https:\/\/mtp.global\/es\/#website"},"datePublished":"2017-02-02T12:27:56+00:00","dateModified":"2026-03-19T15:02:23+00:00","description":"Blog de MTP con contenidos sobre tendencias digitales, innovaci\u00f3n, casos pr\u00e1cticos y recursos \u00fatiles para mantenerte al d\u00eda en el mundo digital.","breadcrumb":{"@id":"https:\/\/mtp.global\/es\/blog\/#breadcrumb"},"inLanguage":"es","potentialAction":[{"@type":"ReadAction","target":["https:\/\/mtp.global\/es\/blog\/"]}]},{"@type":"BreadcrumbList","@id":"https:\/\/mtp.global\/es\/blog\/#breadcrumb","itemListElement":[{"@type":"ListItem","position":1,"name":"Home","item":"https:\/\/mtp.global\/es\/home\/"},{"@type":"ListItem","position":2,"name":"Blog"}]},{"@type":"WebSite","@id":"https:\/\/mtp.global\/es\/#website","url":"https:\/\/mtp.global\/es\/","name":"MTP Global","description":"","publisher":{"@id":"https:\/\/mtp.global\/es\/#organization"},"potentialAction":[{"@type":"SearchAction","target":{"@type":"EntryPoint","urlTemplate":"https:\/\/mtp.global\/es\/?s={search_term_string}"},"query-input":{"@type":"PropertyValueSpecification","valueRequired":true,"valueName":"search_term_string"}}],"inLanguage":"es"},{"@type":"Organization","@id":"https:\/\/mtp.global\/es\/#organization","name":"MTP Global","url":"https:\/\/mtp.global\/es\/","logo":{"@type":"ImageObject","inLanguage":"es","@id":"https:\/\/mtp.global\/es\/#\/schema\/logo\/image\/","url":"https:\/\/mtp.global\/es\/wp-content\/uploads\/2024\/07\/MTP-global.png","contentUrl":"https:\/\/mtp.global\/es\/wp-content\/uploads\/2024\/07\/MTP-global.png","width":1200,"height":400,"caption":"MTP Global"},"image":{"@id":"https:\/\/mtp.global\/es\/#\/schema\/logo\/image\/"}}]}},"_links":{"self":[{"href":"https:\/\/mtp.global\/es\/wp-json\/wp\/v2\/pages\/600","targetHints":{"allow":["GET"]}}],"collection":[{"href":"https:\/\/mtp.global\/es\/wp-json\/wp\/v2\/pages"}],"about":[{"href":"https:\/\/mtp.global\/es\/wp-json\/wp\/v2\/types\/page"}],"author":[{"embeddable":true,"href":"https:\/\/mtp.global\/es\/wp-json\/wp\/v2\/users\/9"}],"replies":[{"embeddable":true,"href":"https:\/\/mtp.global\/es\/wp-json\/wp\/v2\/comments?post=600"}],"version-history":[{"count":0,"href":"https:\/\/mtp.global\/es\/wp-json\/wp\/v2\/pages\/600\/revisions"}],"wp:attachment":[{"href":"https:\/\/mtp.global\/es\/wp-json\/wp\/v2\/media?parent=600"}],"curies":[{"name":"wp","href":"https:\/\/api.w.org\/{rel}","templated":true}]}}